{"id":9574,"date":"2026-09-03T11:13:14","date_gmt":"2026-09-03T14:13:14","guid":{"rendered":"https:\/\/arquimendoza.org.ar\/wordpress\/?page_id=9574"},"modified":"2026-09-04T16:08:28","modified_gmt":"2026-09-04T19:08:28","slug":"causa-de-los-santos","status":"publish","type":"page","link":"https:\/\/arquimendoza.org.ar\/wordpress\/causa-de-los-santos\/","title":{"rendered":"Causa de los Santos"},"content":{"rendered":"\t\t<div data-elementor-type=\"wp-page\" data-elementor-id=\"9574\" class=\"elementor elementor-9574\">\n\t\t\t\t\t\t<section class=\"elementor-section elementor-top-section elementor-element elementor-element-6877680 elementor-section-boxed elementor-section-height-default elementor-section-height-default\" data-id=\"6877680\" data-element_type=\"section\" data-e-type=\"section\">\n\t\t\t\t\t\t<div class=\"elementor-container elementor-column-gap-default\">\n\t\t\t\t\t<div class=\"elementor-column elementor-col-100 elementor-top-column elementor-element elementor-element-12907be8\" data-id=\"12907be8\" data-element_type=\"column\" data-e-type=\"column\">\n\t\t\t<div class=\"elementor-widget-wrap elementor-element-populated\">\n\t\t\t\t\t\t<div class=\"elementor-element elementor-element-6a1d4d59 elementor-widget elementor-widget-text-editor\" data-id=\"6a1d4d59\" data-element_type=\"widget\" data-e-type=\"widget\" data-widget_type=\"text-editor.default\">\n\t\t\t\t<div class=\"elementor-widget-container\">\n\t\t\t\t\t\t\t\t\t<h3 class=\"wp-block-heading has-white-color has-pale-cyan-blue-background-color has-text-color has-background has-link-color has-medium-font-size\">OFICINA PARA LA CAUSA DE LOS SANTOS<\/h3>\n<p><!-- \/wp:heading --><\/p>\n<p><!-- wp:paragraph --><\/p>\n<p>La OFICINA para la Causa de los Santos es un organismo dependiente del <a href=\"https:\/\/arquimendoza.org.ar\/wordpress\/\" target=\"_blank\" rel=\"noreferrer noopener\">Arzobispado de Mendoza<\/a> encargado de investigar, recopilar informaci\u00f3n y promover la memoria de personas locales que destacaron por haber vivido de forma ejemplar y practicado heroicamente la fe cristiana.<\/p>\n<p><b style=\"font-size: 1rem;\">TESTIGOS DEL EVANGELIO<\/b><\/p>\n<p><span style=\"font-size: 1rem;\">Los \u00abtestigos del evangelio\u00bb son personas de la Iglesia Mendocina cuya vida ejemplar de fe y virtudes cristianas se estudia a nivel local para iniciar una posible causa de beatificaci\u00f3n o canonizaci\u00f3n.<\/span><\/p>\n<p><!-- \/wp:paragraph --><\/p>\n<p><!-- wp:shortcode --><br><div class=\"grilla-docs\">\n            <div class='doc-item'>\n                <div class='doc-icon'>\n                    <div class='doc-icon-inner'>\n                        <span class='dashicons dashicons-media-document'><\/span>\n                    <\/div>\n                <\/div>\n                <div class='doc-nombre'>Biograf\u00eda breve CARINA ALEJANDRA JAUME<\/div>\n                <div class='doc-link'><a href='https:\/\/arquimendoza.org.ar\/wordpress\/wp-content\/uploads\/Documentos\/Causa de los Santos\/Biograf\u00eda breve CARINA ALEJANDRA JAUME.pdf' target='_blank'>Abrir<\/a><\/div>\n            <\/div>\n            <div class='doc-item'>\n                <div class='doc-icon'>\n                    <div class='doc-icon-inner'>\n                        <span class='dashicons dashicons-media-document'><\/span>\n                    <\/div>\n                <\/div>\n                <div class='doc-nombre'>Biograf\u00eda breve DANIEL PEREZ MAGNELLI<\/div>\n                <div class='doc-link'><a href='https:\/\/arquimendoza.org.ar\/wordpress\/wp-content\/uploads\/Documentos\/Causa de los Santos\/Biograf\u00eda breve DANIEL PEREZ MAGNELLI.pdf' target='_blank'>Abrir<\/a><\/div>\n            <\/div>\n            <div class='doc-item'>\n                <div class='doc-icon'>\n                    <div class='doc-icon-inner'>\n                        <span class='dashicons dashicons-media-document'><\/span>\n                    <\/div>\n                <\/div>\n                <div class='doc-nombre'>Biograf\u00eda breve DI\u00c1CONO EDUARDO FURLAN<\/div>\n                <div class='doc-link'><a href='https:\/\/arquimendoza.org.ar\/wordpress\/wp-content\/uploads\/Documentos\/Causa de los Santos\/Biograf\u00eda breve DI\u00c1CONO EDUARDO FURLAN.pdf' target='_blank'>Abrir<\/a><\/div>\n            <\/div>\n            <div class='doc-item'>\n                <div class='doc-icon'>\n                    <div class='doc-icon-inner'>\n                        <span class='dashicons dashicons-media-document'><\/span>\n                    <\/div>\n                <\/div>\n                <div class='doc-nombre'>Biograf\u00eda breve EVANGELINA ALTAMIRANDA P\u00c9REZ<\/div>\n                <div class='doc-link'><a href='https:\/\/arquimendoza.org.ar\/wordpress\/wp-content\/uploads\/Documentos\/Causa de los Santos\/Biograf\u00eda breve EVANGELINA ALTAMIRANDA P\u00c9REZ.pdf' target='_blank'>Abrir<\/a><\/div>\n            <\/div>\n            <div class='doc-item'>\n                <div class='doc-icon'>\n                    <div class='doc-icon-inner'>\n                        <span class='dashicons dashicons-media-document'><\/span>\n                    <\/div>\n                <\/div>\n                <div class='doc-nombre'>Biograf\u00eda breve EZEQUIEL AGUSTIN PEREZ DELLEPIANE<\/div>\n                <div class='doc-link'><a href='https:\/\/arquimendoza.org.ar\/wordpress\/wp-content\/uploads\/Documentos\/Causa de los Santos\/Biograf\u00eda breve EZEQUIEL AGUSTIN PEREZ DELLEPIANE.pdf' target='_blank'>Abrir<\/a><\/div>\n            <\/div>\n            <div class='doc-item'>\n                <div class='doc-icon'>\n                    <div class='doc-icon-inner'>\n                        <span class='dashicons dashicons-media-document'><\/span>\n                    <\/div>\n                <\/div>\n                <div class='doc-nombre'>Biograf\u00eda breve HERMANA ANA SANTONE<\/div>\n                <div class='doc-link'><a href='https:\/\/arquimendoza.org.ar\/wordpress\/wp-content\/uploads\/Documentos\/Causa de los Santos\/Biograf\u00eda breve HERMANA ANA SANTONE.pdf' target='_blank'>Abrir<\/a><\/div>\n            <\/div>\n            <div class='doc-item'>\n                <div class='doc-icon'>\n                    <div class='doc-icon-inner'>\n                        <span class='dashicons dashicons-media-document'><\/span>\n                    <\/div>\n                <\/div>\n                <div class='doc-nombre'>Biograf\u00eda breve HNA. MAR\u00cdA M\u00d3NICA LOYARTE (ATWOOKI)<\/div>\n                <div class='doc-link'><a href='https:\/\/arquimendoza.org.ar\/wordpress\/wp-content\/uploads\/Documentos\/Causa de los Santos\/Biograf\u00eda breve HNA. MAR\u00cdA M\u00d3NICA LOYARTE (ATWOOKI).pdf' target='_blank'>Abrir<\/a><\/div>\n            <\/div>\n            <div class='doc-item'>\n                <div class='doc-icon'>\n                    <div class='doc-icon-inner'>\n                        <span class='dashicons dashicons-media-document'><\/span>\n                    <\/div>\n                <\/div>\n                <div class='doc-nombre'>Biograf\u00eda breve JORGE HADDAD<\/div>\n                <div class='doc-link'><a href='https:\/\/arquimendoza.org.ar\/wordpress\/wp-content\/uploads\/Documentos\/Causa de los Santos\/Biograf\u00eda breve JORGE HADDAD.pdf' target='_blank'>Abrir<\/a><\/div>\n            <\/div>\n            <div class='doc-item'>\n                <div class='doc-icon'>\n                    <div class='doc-icon-inner'>\n                        <span class='dashicons dashicons-media-document'><\/span>\n                    <\/div>\n                <\/div>\n                <div class='doc-nombre'>Biograf\u00eda breve JOS\u00c9 JORGE BUNADER<\/div>\n                <div class='doc-link'><a href='https:\/\/arquimendoza.org.ar\/wordpress\/wp-content\/uploads\/Documentos\/Causa de los Santos\/Biograf\u00eda breve JOS\u00c9 JORGE BUNADER.pdf' target='_blank'>Abrir<\/a><\/div>\n            <\/div>\n            <div class='doc-item'>\n                <div class='doc-icon'>\n                    <div class='doc-icon-inner'>\n                        <span class='dashicons dashicons-media-document'><\/span>\n                    <\/div>\n                <\/div>\n                <div class='doc-nombre'>Biograf\u00eda breve MONSE\u00d1OR JOS\u00c9 ANIBAL VERDAGUER<\/div>\n                <div class='doc-link'><a href='https:\/\/arquimendoza.org.ar\/wordpress\/wp-content\/uploads\/Documentos\/Causa de los Santos\/Biograf\u00eda breve MONSE\u00d1OR JOS\u00c9 ANIBAL VERDAGUER.pdf' target='_blank'>Abrir<\/a><\/div>\n            <\/div>\n            <div class='doc-item'>\n                <div class='doc-icon'>\n                    <div class='doc-icon-inner'>\n                        <span class='dashicons dashicons-media-document'><\/span>\n                    <\/div>\n                <\/div>\n                <div class='doc-nombre'>Biograf\u00eda breve OLAYA PESCARA DE TOMBA<\/div>\n                <div class='doc-link'><a href='https:\/\/arquimendoza.org.ar\/wordpress\/wp-content\/uploads\/Documentos\/Causa de los Santos\/Biograf\u00eda breve OLAYA PESCARA DE TOMBA.pdf' target='_blank'>Abrir<\/a><\/div>\n            <\/div>\n            <div class='doc-item'>\n                <div class='doc-icon'>\n                    <div class='doc-icon-inner'>\n                        <span class='dashicons dashicons-media-document'><\/span>\n                    <\/div>\n                <\/div>\n                <div class='doc-nombre'>Biograf\u00eda breve PADRE EDUARDO SERGIO I\u00c1CONO<\/div>\n                <div class='doc-link'><a href='https:\/\/arquimendoza.org.ar\/wordpress\/wp-content\/uploads\/Documentos\/Causa de los Santos\/Biograf\u00eda breve PADRE EDUARDO SERGIO I\u00c1CONO.pdf' target='_blank'>Abrir<\/a><\/div>\n            <\/div>\n            <div class='doc-item'>\n                <div class='doc-icon'>\n                    <div class='doc-icon-inner'>\n                        <span class='dashicons dashicons-media-document'><\/span>\n                    <\/div>\n                <\/div>\n                <div class='doc-nombre'>Biograf\u00eda breve PADRE JORGE JUAN AUGUSTO CONTRERAS VIDELA<\/div>\n                <div class='doc-link'><a href='https:\/\/arquimendoza.org.ar\/wordpress\/wp-content\/uploads\/Documentos\/Causa de los Santos\/Biograf\u00eda breve PADRE JORGE JUAN AUGUSTO CONTRERAS VIDELA.pdf' target='_blank'>Abrir<\/a><\/div>\n            <\/div>\n            <div class='doc-item'>\n                <div class='doc-icon'>\n                    <div class='doc-icon-inner'>\n                        <span class='dashicons dashicons-media-document'><\/span>\n                    <\/div>\n                <\/div>\n                <div class='doc-nombre'>Biograf\u00eda breve PADRE JOS\u00c9 MAR\u00cdA LLORENS<\/div>\n                <div class='doc-link'><a href='https:\/\/arquimendoza.org.ar\/wordpress\/wp-content\/uploads\/Documentos\/Causa de los Santos\/Biograf\u00eda breve PADRE JOS\u00c9 MAR\u00cdA LLORENS.pdf' target='_blank'>Abrir<\/a><\/div>\n            <\/div>\n            <div class='doc-item'>\n                <div class='doc-icon'>\n                    <div class='doc-icon-inner'>\n                        <span class='dashicons dashicons-media-document'><\/span>\n                    <\/div>\n                <\/div>\n                <div class='doc-nombre'>Biograf\u00eda breve PADRE JUAN TOMAZIC<\/div>\n                <div class='doc-link'><a href='https:\/\/arquimendoza.org.ar\/wordpress\/wp-content\/uploads\/Documentos\/Causa de los Santos\/Biograf\u00eda breve PADRE JUAN TOMAZIC.pdf' target='_blank'>Abrir<\/a><\/div>\n            <\/div>\n            <div class='doc-item'>\n                <div class='doc-icon'>\n                    <div class='doc-icon-inner'>\n                        <span class='dashicons dashicons-media-document'><\/span>\n                    <\/div>\n                <\/div>\n                <div class='doc-nombre'>Biograf\u00eda breve PADRE LUCAS PIZARRO<\/div>\n                <div class='doc-link'><a href='https:\/\/arquimendoza.org.ar\/wordpress\/wp-content\/uploads\/Documentos\/Causa de los Santos\/Biograf\u00eda breve PADRE LUCAS PIZARRO.pdf' target='_blank'>Abrir<\/a><\/div>\n            <\/div>\n            <div class='doc-item'>\n                <div class='doc-icon'>\n                    <div class='doc-icon-inner'>\n                        <span class='dashicons dashicons-media-document'><\/span>\n                    <\/div>\n                <\/div>\n                <div class='doc-nombre'>Biograf\u00eda breve PADRE VLADIMIRO ROSSI<\/div>\n                <div class='doc-link'><a href='https:\/\/arquimendoza.org.ar\/wordpress\/wp-content\/uploads\/Documentos\/Causa de los Santos\/Biograf\u00eda breve PADRE VLADIMIRO ROSSI.pdf' target='_blank'>Abrir<\/a><\/div>\n            <\/div><\/div><br><!-- \/wp:shortcode --><\/p>\n<p><!-- wp:paragraph --><\/p>\n<p><!-- \/wp:paragraph --><\/p>\t\t\t\t\t\t\t\t<\/div>\n\t\t\t\t<\/div>\n\t\t\t\t\t<\/div>\n\t\t<\/div>\n\t\t\t\t\t<\/div>\n\t\t<\/section>\n\t\t\t\t<\/div>\n\t\t","protected":false},"excerpt":{"rendered":"<p>OFICINA PARA LA CAUSA DE LOS SANTOS La OFICINA para la Causa de los Santos es un organismo dependiente del Arzobispado de Mendoza encargado de investigar, recopilar informaci\u00f3n y promover la memoria de personas locales que destacaron por haber vivido de forma ejemplar y practicado heroicamente la fe cristiana. TESTIGOS DEL EVANGELIO Los \u00abtestigos del [&hellip;]<\/p>\n","protected":false},"author":12,"featured_media":0,"parent":0,"menu_order":0,"comment_status":"closed","ping_status":"closed","template":"","meta":{"_acf_changed":false,"footnotes":""},"class_list":["post-9574","page","type-page","status-publish","hentry"],"acf":[],"_links":{"self":[{"href":"https:\/\/arquimendoza.org.ar\/wordpress\/wp-json\/wp\/v2\/pages\/9574","targetHints":{"allow":["GET"]}}],"collection":[{"href":"https:\/\/arquimendoza.org.ar\/wordpress\/wp-json\/wp\/v2\/pages"}],"about":[{"href":"https:\/\/arquimendoza.org.ar\/wordpress\/wp-json\/wp\/v2\/types\/page"}],"author":[{"embeddable":true,"href":"https:\/\/arquimendoza.org.ar\/wordpress\/wp-json\/wp\/v2\/users\/12"}],"replies":[{"embeddable":true,"href":"https:\/\/arquimendoza.org.ar\/wordpress\/wp-json\/wp\/v2\/comments?post=9574"}],"version-history":[{"count":13,"href":"https:\/\/arquimendoza.org.ar\/wordpress\/wp-json\/wp\/v2\/pages\/9574\/revisions"}],"predecessor-version":[{"id":9629,"href":"https:\/\/arquimendoza.org.ar\/wordpress\/wp-json\/wp\/v2\/pages\/9574\/revisions\/9629"}],"wp:attachment":[{"href":"https:\/\/arquimendoza.org.ar\/wordpress\/wp-json\/wp\/v2\/media?parent=9574"}],"curies":[{"name":"wp","href":"https:\/\/api.w.org\/{rel}","templated":true}]}}